{"id":3065,"date":"2018-02-22T16:50:07","date_gmt":"2018-02-22T15:50:07","guid":{"rendered":"https:\/\/www.arnalballester.com\/?post_type=project&#038;p=3065"},"modified":"2018-02-22T16:50:07","modified_gmt":"2018-02-22T15:50:07","slug":"els-100-anys-de-saul-steinberg","status":"publish","type":"project","link":"https:\/\/www.arnalballester.com\/ca\/project\/els-100-anys-de-saul-steinberg\/","title":{"rendered":"Els 100 anys de Saul Steinberg"},"content":{"rendered":"<p>[et_pb_section bb_built=\u00bb1&#8243; fullwidth=\u00bboff\u00bb specialty=\u00bbon\u00bb _builder_version=\u00bb3.0.74&#8243; custom_margin=\u00bb0px|||\u00bb custom_padding=\u00bb0px|||\u00bb padding_top_2=\u00bb0px\u00bb][et_pb_column type=\u00bb2_3&#8243; specialty_columns=\u00bb2&#8243;][et_pb_row_inner admin_label=\u00bbFila\u00bb _builder_version=\u00bb3.0.74&#8243; custom_margin=\u00bb0px||0px|\u00bb custom_padding=\u00bb0px||0px|\u00bb padding_top_1=\u00bb0px\u00bb][et_pb_column_inner type=\u00bb4_4&#8243; saved_specialty_column_type=\u00bb2_3&#8243;][et_pb_image _builder_version=\u00bb3.0.74&#8243; src=\u00bbhttps:\/\/www.arnalballester.com\/wp-content\/uploads\/2017\/12\/Saul-STeinberg-century.jpg\u00bb show_in_lightbox=\u00bbon\u00bb url_new_window=\u00bboff\u00bb use_overlay=\u00bboff\u00bb always_center_on_mobile=\u00bbon\u00bb border_style=\u00bbsolid\u00bb force_fullwidth=\u00bboff\u00bb show_bottom_space=\u00bbon\u00bb \/][\/et_pb_column_inner][\/et_pb_row_inner][\/et_pb_column][et_pb_column type=\u00bb1_3&#8243;][et_pb_text admin_label=\u00bbT\u00edtulo\u00bb _builder_version=\u00bb3.0.74&#8243; background_layout=\u00bblight\u00bb border_style=\u00bbsolid\u00bb custom_margin=\u00bb0px|||\u00bb custom_padding=\u00bb0px|||\u00bb module_class=\u00bbtitle_project\u00bb]<\/p>\n<p>&nbsp;<\/p>\n<h1>Els 100 anys\u00a0de Saul Steinberg<\/h1>\n<p>L\u2019any 2014 es complia el centenari del naixement del gran artista i dibuixant Saul Steinberg. Aquell mateix any, i a modus de cel\u00b7lebraci\u00f3, l\u2019editorial Media Vaca va publicar dos llibres amb textos seus, <em><span style=\"font-family: Times;\">Cartas a Aldo Buzzi<\/span><\/em> y <em><span style=\"font-family: Times;\">Reflejos y sombras<\/span><\/em>. Dos aut\u00e8ntiques joies.\u00a0Per a completar la cel\u00b7lebraci\u00f3 va decidir editar un cartell que em va encarregar. Sabien molt b\u00e9 que \u00e9s un dels meus artistes m\u00e9s admirats.<\/p>\n<p>&nbsp;<\/p>\n<p>&nbsp;<\/p>\n<p>[\/et_pb_text][\/et_pb_column][\/et_pb_section]<\/p>\n","protected":false},"excerpt":{"rendered":"<p>&nbsp; Els 100 anys\u00a0de Saul Steinberg L\u2019any 2014 es complia el centenari del naixement del gran artista i dibuixant Saul Steinberg. Aquell mateix any, i a modus de cel\u00b7lebraci\u00f3, l\u2019editorial Media Vaca va publicar dos llibres amb textos seus, Cartas a Aldo Buzzi y Reflejos y sombras. Dos aut\u00e8ntiques joies.\u00a0Per a completar la cel\u00b7lebraci\u00f3 va [&hellip;]<\/p>\n","protected":false},"author":2,"featured_media":1533,"comment_status":"open","ping_status":"closed","template":"","meta":{"_et_pb_use_builder":"on","_et_pb_old_content":"","_et_gb_content_width":"","inline_featured_image":false,"footnotes":""},"project_category":[27],"project_tag":[],"class_list":["post-3065","project","type-project","status-publish","has-post-thumbnail","hentry","project_category-posters-i-publicitat"],"_links":{"self":[{"href":"https:\/\/www.arnalballester.com\/ca\/wp-json\/wp\/v2\/project\/3065","targetHints":{"allow":["GET"]}}],"collection":[{"href":"https:\/\/www.arnalballester.com\/ca\/wp-json\/wp\/v2\/project"}],"about":[{"href":"https:\/\/www.arnalballester.com\/ca\/wp-json\/wp\/v2\/types\/project"}],"author":[{"embeddable":true,"href":"https:\/\/www.arnalballester.com\/ca\/wp-json\/wp\/v2\/users\/2"}],"replies":[{"embeddable":true,"href":"https:\/\/www.arnalballester.com\/ca\/wp-json\/wp\/v2\/comments?post=3065"}],"version-history":[{"count":1,"href":"https:\/\/www.arnalballester.com\/ca\/wp-json\/wp\/v2\/project\/3065\/revisions"}],"predecessor-version":[{"id":3066,"href":"https:\/\/www.arnalballester.com\/ca\/wp-json\/wp\/v2\/project\/3065\/revisions\/3066"}],"wp:featuredmedia":[{"embeddable":true,"href":"https:\/\/www.arnalballester.com\/ca\/wp-json\/wp\/v2\/media\/1533"}],"wp:attachment":[{"href":"https:\/\/www.arnalballester.com\/ca\/wp-json\/wp\/v2\/media?parent=3065"}],"wp:term":[{"taxonomy":"project_category","embeddable":true,"href":"https:\/\/www.arnalballester.com\/ca\/wp-json\/wp\/v2\/project_category?post=3065"},{"taxonomy":"project_tag","embeddable":true,"href":"https:\/\/www.arnalballester.com\/ca\/wp-json\/wp\/v2\/project_tag?post=3065"}],"curies":[{"name":"wp","href":"https:\/\/api.w.org\/{rel}","templated":true}]}}